{"id":804,"date":"2022-05-27T23:54:30","date_gmt":"2022-05-27T21:54:30","guid":{"rendered":"https:\/\/urps-orthoptistes-grandest.fr\/?page_id=804"},"modified":"2023-03-24T19:05:25","modified_gmt":"2023-03-24T18:05:25","slug":"acronymes","status":"publish","type":"page","link":"https:\/\/urps-orthoptistes-grandest.fr\/index.php\/acronymes\/","title":{"rendered":"Dictionnaire acronymes"},"content":{"rendered":"\t\t<div data-elementor-type=\"wp-page\" data-elementor-id=\"804\" class=\"elementor elementor-804\">\n\t\t\t\t\t\t<section class=\"elementor-section elementor-top-section elementor-element elementor-element-65e763d elementor-section-boxed elementor-section-height-default elementor-section-height-default\" data-id=\"65e763d\" data-element_type=\"section\" data-e-type=\"section\">\n\t\t\t\t\t\t<div class=\"elementor-container elementor-column-gap-default\">\n\t\t\t\t\t<div class=\"elementor-column elementor-col-100 elementor-top-column elementor-element elementor-element-52cdac9\" data-id=\"52cdac9\" data-element_type=\"column\" data-e-type=\"column\">\n\t\t\t<div class=\"elementor-widget-wrap elementor-element-populated\">\n\t\t\t\t\t\t<div class=\"elementor-element elementor-element-db11a24 elementor-widget elementor-widget-text-editor\" data-id=\"db11a24\" data-element_type=\"widget\" data-e-type=\"widget\" data-widget_type=\"text-editor.default\">\n\t\t\t\t<div class=\"elementor-widget-container\">\n\t\t\t\t\t\t\t\t\t<blockquote><p>Quelques acronymes pouvant \u00eatre utiles dans votre pratique (liste non exhaustive&#8230;)<\/p><\/blockquote>\t\t\t\t\t\t\t\t<\/div>\n\t\t\t\t<\/div>\n\t\t\t\t\t<\/div>\n\t\t<\/div>\n\t\t\t\t\t<\/div>\n\t\t<\/section>\n\t\t\t\t<section class=\"elementor-section elementor-top-section elementor-element elementor-element-6327b4f5 elementor-section-boxed elementor-section-height-default elementor-section-height-default\" data-id=\"6327b4f5\" data-element_type=\"section\" data-e-type=\"section\">\n\t\t\t\t\t\t<div class=\"elementor-container elementor-column-gap-default\">\n\t\t\t\t\t<div class=\"elementor-column elementor-col-100 elementor-top-column elementor-element elementor-element-12fbc0b8\" data-id=\"12fbc0b8\" data-element_type=\"column\" data-e-type=\"column\">\n\t\t\t<div class=\"elementor-widget-wrap elementor-element-populated\">\n\t\t\t\t\t\t<div class=\"elementor-element elementor-element-41eb182 elementor-widget elementor-widget-image\" data-id=\"41eb182\" data-element_type=\"widget\" data-e-type=\"widget\" data-widget_type=\"image.default\">\n\t\t\t\t<div class=\"elementor-widget-container\">\n\t\t\t\t\t\t\t\t\t\t\t\t\t\t\t<img fetchpriority=\"high\" decoding=\"async\" width=\"300\" height=\"199\" src=\"https:\/\/urps-orthoptistes-grandest.fr\/wp-content\/uploads\/2022\/08\/AdobeStock_512886741-300x199.jpeg\" class=\"attachment-medium size-medium wp-image-1885\" alt=\"English alphabet made of square wooden tiles with the English al\" srcset=\"https:\/\/urps-orthoptistes-grandest.fr\/wp-content\/uploads\/2022\/08\/AdobeStock_512886741-300x199.jpeg 300w, https:\/\/urps-orthoptistes-grandest.fr\/wp-content\/uploads\/2022\/08\/AdobeStock_512886741-1024x678.jpeg 1024w, https:\/\/urps-orthoptistes-grandest.fr\/wp-content\/uploads\/2022\/08\/AdobeStock_512886741-768x508.jpeg 768w, https:\/\/urps-orthoptistes-grandest.fr\/wp-content\/uploads\/2022\/08\/AdobeStock_512886741-1536x1017.jpeg 1536w, https:\/\/urps-orthoptistes-grandest.fr\/wp-content\/uploads\/2022\/08\/AdobeStock_512886741-2048x1356.jpeg 2048w\" sizes=\"(max-width: 300px) 100vw, 300px\" \/>\t\t\t\t\t\t\t\t\t\t\t\t\t\t\t<\/div>\n\t\t\t\t<\/div>\n\t\t\t\t<div class=\"elementor-element elementor-element-4d025bb2 elementor-widget elementor-widget-text-editor\" data-id=\"4d025bb2\" data-element_type=\"widget\" data-e-type=\"widget\" data-widget_type=\"text-editor.default\">\n\t\t\t\t<div class=\"elementor-widget-container\">\n\t\t\t\t\t\t\t\t\t<h2 style=\"text-align: center;\">\u00a0\u2013 A \u2013<\/h2><p><span style=\"color: #3366ff;\"><strong>AAH<\/strong><\/span> : Allocation Adulte handicap\u00e9<\/p><p><span style=\"color: #3366ff;\"><strong>ADELI (num\u00e9ro)<\/strong> <\/span>: ADELI est le r\u00e9pertoire national d\u2019identification des professionnels de sant\u00e9. Un num\u00e9ro ADELI est attribu\u00e9 \u00e0 tous les praticiens salari\u00e9s et lib\u00e9raux et leur sert de num\u00e9ro de r\u00e9f\u00e9rence. Il figure sur la carte de professionnel de sant\u00e9 (CPS) pour les professionnels relevant du code de la sant\u00e9 publique.\u00a0<\/p><p><strong><span style=\"color: #3366ff;\">ALD<\/span><\/strong>: Affection Longue Dur\u00e9e<\/p><p><span style=\"color: #3366ff;\"><strong>AME<\/strong><\/span> : Aide m\u00e9dicale d&rsquo;Etat<\/p><p><strong><span style=\"color: #3366ff;\">ARS<\/span><\/strong> :\u00a0 Agence R\u00e9gionale de Sant\u00e9<\/p><p><strong><span style=\"color: #3366ff;\">ASIP SANTE :\u00a0 <\/span><\/strong><span style=\"color: #808080;\">Agence des Syst\u00e8mes d&rsquo;Information Partag\u00e9s de Sant\u00e9<\/span><\/p><h2 style=\"text-align: center;\">\u2013 C\u00a0\u2013<\/h2><p><strong><span style=\"color: #3366ff;\">CAMSP :<\/span><\/strong><span style=\"color: #3366ff;\"><span style=\"color: #999999;\"> <span style=\"color: #808080;\">Centre d&rsquo;Action M\u00e9dico-Sociale Pr\u00e9coce (0-6 ans)<\/span><\/span><\/span><\/p><p><span style=\"color: #3366ff;\"><strong>CCAM<\/strong>\u00a0 : <span style=\"color: #999999;\">Classification Commune des Actes M\u00e9dicaux (cotation des m\u00e9decins)<\/span><\/span><\/p><p><span style=\"color: #3366ff;\"><strong>CEAM<\/strong> :<\/span> Carte Europ\u00e9ene d&rsquo;Assurance Maladie<\/p><p><strong><span style=\"color: #3366ff;\">CH<\/span> :<\/strong> Centre Hospitalier<\/p><p><strong><span style=\"color: #3366ff;\">CHR<\/span> :<\/strong> Centre Hospitalier R\u00e9gionale<\/p><p><span style=\"color: #3366ff;\"><strong>CHT :<\/strong><\/span> Communaut\u00e9 Hospitali\u00e8re de Territoires<\/p><p><strong><span style=\"color: #3366ff;\">CIM<\/span> :<\/strong> Classification Internationale des Maladies<\/p><p><span style=\"color: #3366ff;\"><strong>CGOS<\/strong> : <span style=\"color: #808080;\">Comit\u00e9 de Gestion des Oeuvres Sociales ( \u00e9quivalent d&rsquo;un comit\u00e9 d&rsquo;entreprise pour les salari\u00e9s Hospitaliers)<\/span><\/span><\/p><p><span style=\"color: #3366ff;\"><strong>CMU<\/strong> :<\/span> Couverture Maladie Universelle<\/p><p><strong><span style=\"color: #3366ff;\">CMU-C :<\/span><\/strong><span style=\"color: #808080;\">Couverture Maladie Universelle compl\u00e9mentaire<\/span><strong><br \/><\/strong><\/p><p><span style=\"color: #3366ff;\"><strong>CNAVPL<\/strong> <\/span>: Caisse Nationale d&rsquo;Assurance Vieilliesse pour les Professions Lib\u00e9rales<\/p><p><strong><span style=\"color: #3366ff;\">CNIL :<\/span><\/strong><span style=\"color: #808080;\">C<\/span><span style=\"color: #808080;\">omission Nationale Informatique et Libert\u00e9s<\/span><strong><br \/><\/strong><\/p><p><span style=\"color: #3366ff;\"><strong>COPIL<\/strong><\/span> : COmit\u00e9 de PILotage<\/p><p><span style=\"color: #3366ff;\"><strong>CPAM<\/strong> <\/span>: Caisse Primaire d&rsquo;Assurance Maladie<\/p><p><strong><span style=\"color: #3366ff;\">CPL<\/span><\/strong> : Comit\u00e9 Paritaire Local<\/p><p><strong><span style=\"color: #3366ff;\">CPOM:<\/span><\/strong> Contrat Pluriannuel d&rsquo;Objectifs et de Moyens<\/p><p><strong><span style=\"color: #3366ff;\">CPS<\/span> <\/strong>: Carte Professionel de Sant\u00e9<\/p><p><strong><span style=\"color: #3366ff;\">CPTS<\/span> :<\/strong>Communaut\u00e9 Professionel de Territoire de Sant\u00e9<strong><br \/><\/strong><\/p><h2 style=\"text-align: center;\">\u2013 D \u2013<\/h2><p><span style=\"color: #3366ff;\"><strong>DPC<\/strong><\/span> : D\u00e9veloppement Personnel Continu<\/p><h2 style=\"text-align: center;\">\u2013 E\u00a0\u2013<\/h2><p><strong><span style=\"color: #3366ff;\">ESAT :<\/span><\/strong><span style=\"color: #3366ff;\"> <span style=\"color: #808080;\">\u00c9tablissement et Service d&rsquo;Aide par le Travail<\/span><\/span><strong><br \/><\/strong><\/p><h2 style=\"text-align: center;\">\u2013 F\u00a0\u2013<\/h2><p><span style=\"color: #3366ff;\"><strong>FINESS : <\/strong><\/span>Fichier Nationale des Etablissements Sanitaire et Sociaux<\/p><h2 style=\"text-align: center;\"><span style=\"color: #808080;\">\u2013 G\u00a0\u2013<\/span><\/h2><p><strong><span style=\"color: #3366ff;\">GHT :<\/span><\/strong><span style=\"color: #808080;\"> Groupement Hospitalier des Territoires<\/span><strong><br \/><\/strong><\/p><h2 style=\"text-align: center;\">\u2013 H\u00a0\u2013<\/h2><p><span style=\"color: #3366ff;\"><strong>HAS :<\/strong> <\/span>Haute Autorit\u00e9 de Sant\u00e9<\/p><p><strong><span style=\"color: #3366ff;\">HCSP :<\/span> <\/strong>Haut Conseil de la Sant\u00e9 Publique<strong><br \/><\/strong><\/p><p><strong><span style=\"color: #3366ff;\">HDS<\/span> : <\/strong>H\u00e9bergement des Donn\u00e9es de Sant\u00e9<strong><br \/><\/strong><\/p><p><span style=\"color: #3366ff;\"><strong>HPST<\/strong> (loi)<\/span> : Loi H\u00f4pital, Patient, Sant\u00e9, Territoires<\/p><h2 style=\"text-align: center;\">\u2013 I\u00a0\u2013<\/h2><p><strong><span style=\"color: #3366ff;\">IDE<\/span>: <\/strong>Infirmier Dipl\u00f4m\u00e9 d\u2019\u00c9tat<strong><br \/><\/strong><\/p><p><span style=\"color: #3366ff;\"><strong>IGAS<\/strong> .<\/span> Inspection G\u00e9n\u00e9rale des Affaires Sociales<\/p><p><span style=\"color: #3366ff;\"><strong>IME<\/strong> :<\/span> Institut M\u00e9dico Educatif<\/p><p><span style=\"color: #3366ff;\"><strong>INPES<\/strong> :<\/span> Institut Nationale pour la Pr\u00e9vention et l&rsquo;Education pour la Sant\u00e9<\/p><p><span style=\"color: #3366ff;\"><strong>INSERM<\/strong> :<\/span> Institut National de la Sant\u00e9 et de la Recherche M\u00e9dicale<\/p><p><span style=\"color: #3366ff;\"><strong>INVS<\/strong> :<\/span> Institut Nationale de Veille Sanitaire<\/p><h2 style=\"text-align: center;\">\u2013 L\u00a0\u2013<\/h2><p style=\"text-align: left;\"><strong><span style=\"color: #3366ff;\">LADAPT<\/span> : <\/strong>L&rsquo;Association Pour L&rsquo;insertion Sociale Et Professionnelle Des Personnes Handicap\u00e9es<\/p><p><strong><span style=\"color: #3366ff;\">LEGIFRANCE : <\/span><\/strong><span style=\"color: #000000;\"><span style=\"color: #808080;\">Site internet officiel du Gouvernement Fran\u00e7ais permettant de se renseigner sur les lois en vigueur et les jurisprudences de l&rsquo;Union Europ\u00e9enne et du Droit Internatinale.<\/span><\/span><\/p><p><strong><span style=\"color: #3366ff;\">LFSS :<\/span><\/strong><span style=\"color: #808080;\">Loi de Financement de la S\u00e9curit\u00e9 Sociale<\/span><\/p><h2 style=\"text-align: center;\">\u2013 M\u00a0\u2013<\/h2><p><strong><span style=\"color: #3366ff;\">MDPH :<\/span> <\/strong>Maison D\u00e9partementale des Personnes Handicap\u00e9s<\/p><h2 style=\"text-align: center;\">\u2013 N \u2013<\/h2><p><span style=\"color: #3366ff;\"><strong>NGAP<\/strong> :<\/span> Nomenclature G\u00e9n\u00e9rale des Actes Professionels<\/p><h2 style=\"text-align: center;\"><span style=\"color: #808080;\">\u2013 O \u2013<\/span><\/h2><p><span style=\"color: #3366ff;\"><strong>OGDPC :<\/strong> <span style=\"color: #808080;\">Organisme Gestionnalre du Developpement Personnel Continu<\/span><\/span><\/p><p><span style=\"color: #3366ff;\"><strong>ONDPS : <\/strong><\/span>Observatoire Nationale de la D\u00e9mographie des Professions de Sant\u00e9<\/p><h2 style=\"text-align: center;\">\u2013 P \u2013<\/h2><p><span style=\"color: #3366ff;\"><strong>PLFSS :\u00a0<\/strong><span style=\"color: #808080;\">Projet de Loi pour le Financement de la S\u00e9curit\u00e9 Sociale<\/span><\/span><\/p><p><span style=\"color: #3366ff;\"><strong>PMI<\/strong> :<\/span> Protection Maternelle et Infantile<\/p><h2 style=\"text-align: center;\">\u2013 R\u2013<\/h2><p><span style=\"color: #3366ff;\"><strong>RGPD : <\/strong><span style=\"color: #808080;\">R\u00e8glement G\u00e9n\u00e9ral pour la Protection des Donn\u00e9es<\/span><\/span><\/p><p><span style=\"color: #3366ff;\"><strong>RPPS<\/strong> :<span style=\"color: #808080;\">R\u00e9pertoire Partag\u00e9 des Professionnels de Sant\u00e9<\/span><\/span><\/p><h2 style=\"text-align: center;\"><span style=\"color: #808080;\">\u2013 S \u2013<\/span><\/h2><p><span style=\"color: #3366ff;\"><strong>SESSAD<\/strong> :<\/span> Service d&rsquo;Education Sp\u00e9cialis\u00e9e et de Soins \u00e0 Domicile<\/p><h2 style=\"text-align: center;\">\u2013 T \u2013<\/h2><p><span style=\"color: #3366ff;\"><strong>TSA:\u00a0<\/strong> <\/span>Trouble du Spectre Autistique<\/p><p><strong><span style=\"color: #3366ff;\">TDA(H) :<\/span><\/strong> Trouble de l&rsquo;Attention (avec Hyperactivit\u00e9)<\/p><div>\u00a0<\/div><div>\u00a0<\/div>\t\t\t\t\t\t\t\t<\/div>\n\t\t\t\t<\/div>\n\t\t\t\t\t<\/div>\n\t\t<\/div>\n\t\t\t\t\t<\/div>\n\t\t<\/section>\n\t\t\t\t<section class=\"elementor-section elementor-top-section elementor-element elementor-element-db76d2d elementor-section-boxed elementor-section-height-default elementor-section-height-default\" data-id=\"db76d2d\" data-element_type=\"section\" data-e-type=\"section\">\n\t\t\t\t\t\t<div class=\"elementor-container elementor-column-gap-default\">\n\t\t\t\t\t<div class=\"elementor-column elementor-col-100 elementor-top-column elementor-element elementor-element-afe0644\" data-id=\"afe0644\" data-element_type=\"column\" data-e-type=\"column\">\n\t\t\t<div class=\"elementor-widget-wrap\">\n\t\t\t\t\t\t\t<\/div>\n\t\t<\/div>\n\t\t\t\t\t<\/div>\n\t\t<\/section>\n\t\t\t\t<\/div>\n\t\t","protected":false},"excerpt":{"rendered":"<p>Quelques acronymes pouvant \u00eatre utiles dans votre pratique (liste non exhaustive&#8230;) \u00a0\u2013 A \u2013 AAH : Allocation Adulte handicap\u00e9 ADELI (num\u00e9ro) : ADELI est le r\u00e9pertoire national d\u2019identification des professionnels de sant\u00e9. Un num\u00e9ro ADELI est attribu\u00e9 \u00e0 tous les praticiens salari\u00e9s et lib\u00e9raux et leur sert de num\u00e9ro de r\u00e9f\u00e9rence. Il figure sur la [&hellip;]<\/p>\n","protected":false},"author":1,"featured_media":0,"parent":0,"menu_order":0,"comment_status":"closed","ping_status":"closed","template":"","meta":{"_seopress_robots_primary_cat":"","_seopress_titles_title":"","_seopress_titles_desc":"Quelques acronymes\/abr\u00e9viations pouvant \u00eatre utile dans votre pratique lib\u00e9rale de l'orthoptie","_seopress_robots_index":"","footnotes":""},"class_list":["post-804","page","type-page","status-publish","hentry"],"_links":{"self":[{"href":"https:\/\/urps-orthoptistes-grandest.fr\/index.php\/wp-json\/wp\/v2\/pages\/804","targetHints":{"allow":["GET"]}}],"collection":[{"href":"https:\/\/urps-orthoptistes-grandest.fr\/index.php\/wp-json\/wp\/v2\/pages"}],"about":[{"href":"https:\/\/urps-orthoptistes-grandest.fr\/index.php\/wp-json\/wp\/v2\/types\/page"}],"author":[{"embeddable":true,"href":"https:\/\/urps-orthoptistes-grandest.fr\/index.php\/wp-json\/wp\/v2\/users\/1"}],"replies":[{"embeddable":true,"href":"https:\/\/urps-orthoptistes-grandest.fr\/index.php\/wp-json\/wp\/v2\/comments?post=804"}],"version-history":[{"count":114,"href":"https:\/\/urps-orthoptistes-grandest.fr\/index.php\/wp-json\/wp\/v2\/pages\/804\/revisions"}],"predecessor-version":[{"id":2001,"href":"https:\/\/urps-orthoptistes-grandest.fr\/index.php\/wp-json\/wp\/v2\/pages\/804\/revisions\/2001"}],"wp:attachment":[{"href":"https:\/\/urps-orthoptistes-grandest.fr\/index.php\/wp-json\/wp\/v2\/media?parent=804"}],"curies":[{"name":"wp","href":"https:\/\/api.w.org\/{rel}","templated":true}]}}